{"id":234,"date":"2017-11-27T14:42:12","date_gmt":"2017-11-27T14:42:12","guid":{"rendered":"http:\/\/social-media-strategy.aula.uoc.edu\/legal\/bibliografia\/"},"modified":"2021-02-01T09:26:10","modified_gmt":"2021-02-01T09:26:10","slug":"bibliografia","status":"publish","type":"page","link":"http:\/\/social-media-strategy.aula.uoc.edu\/legal\/bibliografia\/","title":{"rendered":"Bibliografia"},"content":{"rendered":"<p><strong>Adsuar, Y.<\/strong> (2013). \u00abLa elecci\u00f3n de ser olvidado en la red: derecho o privilegio\u00bb. <em>Actualidad Jur\u00eddica Aranzadi<\/em> (n\u00fam. 864). Cizur Menor: Thomson Reuters Aranzadi.<\/p>\n<p><strong>\u00c1lvarez Hernando, J. <\/strong>(2014)<em>. <\/em><em>Internet, redes sociales y protecci\u00f3n de datos. Grandes Tratados. Practicum Protecci\u00f3n de Datos 2015<\/em>. Cizur Menor: Thomson Reuters Aranzadi.<\/p>\n<p><strong>Caldevilla Dom\u00ednguez, D. <\/strong>(2010). \u00abLas redes sociales. Tipolog\u00eda, uso y consumo de las redes 2.0 en la sociedad digital actual\u00bb. <em>Documentaci\u00f3n de las Ciencias de la Informaci\u00f3n<\/em> (vol. 33, p\u00e0g. 45-68). Madrid.<\/p>\n<p><strong>Campuzano Torn\u00e9, H.<\/strong> (2011). \u00abMarco regulador de la Protecci\u00f3n de datos de car\u00e1cter personal en las redes sociales digitales\u00bb. <em>Actualidad Civil<\/em>. Secci\u00f3 A Fondo (vol. 1, n\u00fam. 6, p\u00e0g. 623). Madrid: Editorial La Ley.<\/p>\n<p><strong>Castells, M.<\/strong> (2006). <em>La sociedad red: una visi\u00f3n global<\/em>. Madrid: Alianza Editorial.<\/p>\n<p><strong>Castilla Barea, M.<\/strong> (2011). <em>Las intromisiones leg\u00edtimas en el derecho a la propia imagen. Estudio de las circunstancias que legitiman la intromisi\u00f3n en la LO 1\/1982, de 5 de mayo, de Protecci\u00f3n Civil del Derecho al Honor, a la Intimidad Personal y Familiar y a la Propia Imagen<\/em>. Cizur Menor: Thomson Reuters Aranzadi.<\/p>\n<p><strong>Contreras Navidad, S. <\/strong>(2012). <em>La protecci\u00f3n del honor, la intimidad y la propia imagen en internet<\/em>. Cuadernos Aranzadi del Tribunal Constitucional. Cizur Menor: Thomson Reuters Aranzadi.<\/p>\n<p><strong>De Haro, M. V.; Grand\u00edo, M. M.; Hern\u00e1ndez, M. (coord.)<\/strong> (2012). <em>Historias en red. Impacto de las redes sociales en los procesos de comunicaci\u00f3n<\/em>. Murcia: Editum.<\/p>\n<p><strong>De Miguel Asensio, P. A.<\/strong> (2011). <em>Derecho privado de internet <\/em>(4a. ed.). Cizur Menor: Civitas.<\/p>\n<p><strong>Fumero-Rever\u00f3n, A. <\/strong>(2011). \u00abIRC 2.0. Medios para la informaci\u00f3n, la relaci\u00f3n y la comunicaci\u00f3n en la web 2.0\u00bb. <em>El Profesional de la Informaci\u00f3n<\/em> (vol. 20, n\u00fam. 6, p\u00e0g. 605-609).<\/p>\n<p><strong>Fundaci\u00f3n Telef\u00f3nica<\/strong> (2015). <em>La Sociedad de la Informaci\u00f3n en Espa\u00f1a 2014<\/em>. Barcelona: Ariel.<\/p>\n<p><strong>Garc\u00eda P\u00e9rez, C. L. <\/strong>(2015). \u00abLa responsabilidad civil de los medios de comunicaci\u00f3n por vulneraci\u00f3n del derecho al honor\u00bb. <em>Revista Doctrinal Aranzadi Civil-Mercantil <\/em>(n\u00fam. 1\/2015). Cizur Menor: Thomson Reuters Aranzadi.<\/p>\n<p><strong>Guerrero Pic\u00f3, M. C.<\/strong> (2006). <em>El impacto de Internet en el Derecho Fundamental a la Protecci\u00f3n de Datos de Car\u00e1cter Personal<\/em>. Cizur Menor: Thomson Civitas.<\/p>\n<p><strong>INTECO<\/strong> (2008). <em>Redes sociales, menores de edad y privacidad en la red<\/em>. Madrid.<\/p>\n<p><strong>INTECO <\/strong>(2009). <em>Estudio sobre la privacidad de los datos personales y la seguridad de la informaci\u00f3n en las redes sociales online<\/em>. Madrid.<\/p>\n<p><strong>IREDES<\/strong> (2015). <em>Mapa de las redes sociales y otros servicios en la nube<\/em>. V Congreso Iberoamericano sobre Redes Sociales. Burgos.<\/p>\n<p><strong>Lorente L\u00f3pez, M. C. <\/strong>(2015). <em>Los derechos al honor, a la intimidad personal y familiar y a la propia imagen del menor<\/em>. Cizur Menor: Thomson Reuters Aranzadi.<\/p>\n<p><strong>Magdaleno Alegr\u00eda, A.<\/strong> (2008). \u00abInformaci\u00f3n p\u00fablica y los derechos al honor y a la intimidad\u00bb. <em>Repertorio Aranzadi del Tribunal Constitucional<\/em> (n\u00fam. 5). Pamplona.<\/p>\n<p><strong>Orozco Gonz\u00e1lez, M.<\/strong> (2014, 18 de desembre). \u00abLa reforma de la Ley de Propiedad Intelectual. Algunos puntos cr\u00edticos\u00bb. <em>Diario La Ley<\/em> (n\u00fam. 8444). Madrid: Editorial La Ley.<\/p>\n<p><strong>Orza Linares, R. M.<\/strong> (2012). \u00abDerechos fundamentales e Internet: Nuevos problemas, nuevos retos\u00bb. <em>Revista de Derecho Constitucional Europeo<\/em> (n\u00fam. 18). Granada.<\/p>\n<p><strong>Rallo Lombarte, A.<\/strong> (2011). \u00abLa privacidad en la era digital: el derecho al olvido\u00bb. <em>Actualidad Jur\u00eddica Aranzadi<\/em>. Secci\u00f3 Tribuna (n\u00fam. 815). Cizur Menor: Thomson Reuters Aranzadi.<\/p>\n<p><strong>Rallo Lombarte, A.; Mart\u00ednez Mart\u00ednez, R. (ed.)<\/strong> (2013). <em>Derecho y Redes Sociales<\/em> (2a. ed.). Cizur Menor: Thomson Civitas.<\/p>\n<p><strong>Rebollo Delgado, L.<\/strong> (2004). <em>Derechos fundamentales y protecci\u00f3n de datos<\/em>. Madrid: Dykinson.<\/p>\n<p><strong>Rebollo Delgado, L.<\/strong> (2005). <em>El derecho fundamental a la intimidad<\/em> (2a. ed.). Madrid: Dykinson.<\/p>\n<p><strong>Rebollo Delgado, L. <\/strong>(2009). \u00abLa imagen como dato\u00bb. <em>Anuario de la Facultad de Derecho (UNED)<\/em> (n\u00fam. 2). Madrid.<\/p>\n<p><strong>Roig, A.<\/strong> (2010). <em>Derechos fundamentales y tecnolog\u00edas de la informaci\u00f3n y de las comunicaciones (TICs)<\/em>. Barcelona: Bosch Constitucional.<\/p>\n<p><strong>Tasc\u00f3n, M. (dir.)<\/strong> (2012). <em>Escribir en Internet. Gu\u00eda para los nuevos medios y las redes sociales<\/em>. Barcelona: Galaxia Gutenberg.<\/p>\n<p><strong>Touri\u00f1o, A. <\/strong>(2014). <em>El derecho al olvido y a la intimidad en Internet<\/em>. Madrid: Los Libros de la Catarata.<\/p>\n<p><strong>Troncoso Reigada, A.<\/strong> (2011). <em>La protecci\u00f3n de datos personales. En busca del equilibrio<\/em>. Val\u00e8ncia: Tirant Lo Blanch.<\/p>\n<p><strong>Troncoso Reigada, A.<\/strong> (2012). \u00abLas redes sociales a la luz de la propuesta de Reglamento General de Protecci\u00f3n de Datos Personales. Parte 1\u00bb. <em>Revista de los Estudios de Derecho y Ciencia de la UOC<\/em> (n\u00fam. 15). Barcelona: UOC.<\/p>\n<p><strong>Troncoso Reigada, A.<\/strong> (2013). \u00abLas redes sociales a la luz de la propuesta de Reglamento General de Protecci\u00f3n de Datos Personales. Parte 2\u00bb. <em>Revista de los Estudios de Derecho y Ciencia de la UOC<\/em> (n\u00fam. 16). Barcelona: UOC.<\/p>\n<p><strong>Vall\u00e9s Copeiro del Villar, A. <\/strong>(2005). <em>Curso de Derecho de la Comunicaci\u00f3n Social<\/em>. Val\u00e8ncia: Tirant Lo Blanch.<\/p>\n<p><strong>Veleiro, B.<\/strong> (2008). <em>Protecci\u00f3n de Datos de Car\u00e1cter Personal y Sociedad de la Informaci\u00f3n<\/em>. Madrid: Bolet\u00edn Oficial del Estado.<\/p>\n<p><strong>Warren, S.; Brandeis, L.<\/strong> (1995). <em>El derecho a la intimidad<\/em>. B. Pend\u00e1s; P. Baselga (trad.). Madrid: Thomson Civitas.<\/p>\n<p><strong>Warren, S.; Brandeis, L. <\/strong>(1890). \u00abThe Right to Privacy\u00bb. <em>Harvard Law Revie<\/em><em>w<\/em> (vol. 4, n\u00fam. 5). The Harvard Law Review Association.<\/p>\n<p><strong>Zimmerman, D. L.<\/strong> (1983). \u00abRequiem for a Heavyweight: A Farewell to Warren and Brandeis\u2019 Privacy Tort\u00bb. <em>68 Cornell Law Review<\/em> (n\u00fam. 291). Nova York.<\/p>\n<p><strong>Zimmerman, D. L. <\/strong>(1989). \u00abFalse Light Invasion of Privacy: The Light that Failed\u00bb. <em>New York University Law Review<\/em>. Nova York.<\/p>\n<p><strong>Zun\u00f3n Villalobos, M. <\/strong>(2013). \u00abLa Garant\u00eda Civil de la Privacidad\u00bb. <em>Revista Aranzadi Doctrinal<\/em> (n\u00fam. 9). Cizur Menor: Thomson Reuters Aranzadi.<\/p>\n<h2>Legislaci\u00f3<\/h2>\n<p>Declaraci\u00f3 Universal dels Drets Humans de 10 de desembre de 1948.<\/p>\n<p>Conveni de Roma de 1950.<\/p>\n<p>Pacte Internacional de Drets Civils i Pol\u00edtics de 19 de desembre de 1966.<\/p>\n<p>Conveni n\u00famero 108 del Consell d\u2019Europa, de 28 de gener de 1981, per a la protecci\u00f3 de les persones respecte al tractament automatitzat de dades de car\u00e0cter personal.<\/p>\n<p>Convenci\u00f3 sobre els Drets de l\u2019Infant de 20 de novembre de 1989.<\/p>\n<p>Carta Europea de Drets de l\u2019Infant (Resoluci\u00f3 del Parlament Europeu A3-0172\/92, de 8 de juliol de 1992).<\/p>\n<p>Directiva 2001\/29\/CE del Parlament Europeu i del Consell, de 22 de maig de 2001, relativa a l\u2019harmonitzaci\u00f3 de determinats aspectes dels drets d\u2019autor i dels drets afins als drets d\u2019autor en la societat de la informaci\u00f3.<\/p>\n<p>Grup de treball sobre protecci\u00f3 de dades de l\u2019article 29. Dictamen 5\/2009 sobre les xarxes socials en l\u00ednia adoptat el 12 de juny de 2009.<\/p>\n<p>Carta dels Drets Fonamentals de la Uni\u00f3 Europea, de 30 de mar\u00e7 de 2010 (2010\/ C 83\/02).<\/p>\n<p>WIPO Copyright Treaty (Tractat de l\u2019OMPI sobre drets d\u2019autor).<\/p>\n<p>WIPO Performances and Phonograms Treaty (Tractat de l\u2019OMPI sobre interpretaci\u00f3 o execuci\u00f3 i fonogrames).<\/p>\n<p>Llei org\u00e0nica 1\/1982, de 5 de maig, sobre protecci\u00f3 civil del dret a l\u2019honor, a la intimitat personal i familiar i a la imatge.<\/p>\n<p>Llei org\u00e0nica 2\/1984, de 26 de mar\u00e7, reguladora del dret de rectificaci\u00f3.<\/p>\n<p>Llei org\u00e0nica 10\/1995, de 23 de novembre, del Codi penal.<\/p>\n<p>Reial decret legislatiu 1\/1996, de 12 d\u2019abril, pel qual s\u2019aprova el text ref\u00f3s de la Llei de Propietat Intel\u00b7lectual, regularitzant, aclarint i harmonitzant les disposicions legals vigents sobre la mat\u00e8ria.<\/p>\n<p>Llei org\u00e0nica 15\/1999, de 13 de desembre, de protecci\u00f3 de dades de car\u00e0cter personal.<\/p>\n<p>Llei 34\/2002, d\u201911 de juliol, de Serveis de la Societat de la Informaci\u00f3 i del Comer\u00e7 Electr\u00f2nic.<\/p>\n<p>Llei 25\/2007, de 18 d\u2019octubre, de Conservaci\u00f3 de Dades relatives a les Comunicacions Electr\u00f2niques i a les Xarxes P\u00fabliques de Comunicacions.<\/p>\n<p>Reial decret 1720\/2007, de 21 de desembre, pel qual s\u2019aprova el Reglament de desenvolupament de la Llei org\u00e0nica 15\/1999, de 13 de desembre, de protecci\u00f3 de dades de car\u00e0cter personal.<\/p>\n<p>Llei 56\/2007, de 28 de desembre, de mesures d\u2019impuls de la societat de la informaci\u00f3. Dictamen 5\/2009 del Grup de Treball de l\u2019Article 29.<\/p>\n<p>&nbsp;<\/p>\n<h2>P\u00e0gines web<\/h2>\n<p>&lt;<a href=\"https:\/\/www.ine.es\/dyngs\/INEbase\/es\/operacion.htm?c=Estadistica_C&amp;cid=1254736176741&amp;idp=1254735576692&amp;menu=ultiDatos\" target=\"_blank\" rel=\"noopener\">https:\/\/www.ine.es\/dyngs\/INEbase\/es\/operacion.htm?c=Estadistica_C&amp;cid=1254736176741&amp;idp=1254735576692&amp;menu=ultiDatos<\/a>&gt;.<\/p>\n<p>&lt;<a href=\"https:\/\/www.redem.org\/educacion-3-0-usos-de-las-redes-sociales-en-el-aula-ventajas-y-desventajas\/\" target=\"_blank\" rel=\"noopener\">https:\/\/www.redem.org\/educacion-3-0-usos-de-las-redes-sociales-en-el-aula-ventajas-y-desventajas\/<\/a>&gt;.<\/p>\n<p>&lt;<a href=\"https:\/\/www.elcorreo.com\/tecnologia\/redes-sociales\/youtuber-influencer-profesiones-20191028115943-nt.html\" target=\"_blank\" rel=\"noopener\">https:\/\/www.elcorreo.com\/tecnologia\/redes-sociales\/youtuber-influencer-profesiones-20191028115943-nt.html<\/a>&gt;.<\/p>\n<p>&lt;<a href=\"https:\/\/www.aepd.es\/sites\/default\/files\/2019-09\/guia-proteccion-datos-y-prevencion-de-delitos.pdf\" target=\"_blank\" rel=\"noopener\">https:\/\/www.aepd.es\/sites\/default\/files\/2019-09\/guia-proteccion-datos-y-prevencion-de-delitos.pdf<\/a>&gt;.<\/p>\n<p>&lt;<a href=\"https:\/\/elpais.com\/diario\/2003\/11\/30\/domingo\/1070167969_850215.html#:~:text=El%20juez%20norteamericano%20Brandeis%20defini%C3%B3,atesorado%20por%20un%20pueblo%20libre%22\" target=\"_blank\" rel=\"noopener\">https:\/\/elpais.com\/diario\/2003\/11\/30\/domingo\/1070167969_850215.html#:~:text=El%20juez%20norteamericano%20Brandeis%20defini%C3%B3,atesorado%20por%20un%20pueblo%20libre%22<\/a>&gt;.<\/p>\n<p>&lt;<a href=\"https:\/\/www.europapress.es\/economia\/noticia-tiktok-cumple-anos-espana-lanza-fondo-60-millones-apoyar-creadores-europeos-20200804114238.html\" target=\"_blank\" rel=\"noopener\">https:\/\/www.europapress.es\/economia\/noticia-tiktok-cumple-anos-espana-lanza-fondo-60-millones-apoyar-creadores-europeos-20200804114238.html<\/a>&gt;.<\/p>\n<p>&lt;<a href=\"https:\/\/www.wipo.int\/reference\/es\/\" target=\"_blank\" rel=\"noopener\">https:\/\/www.wipo.int\/reference\/es\/<\/a>&gt;.<\/p>\n<p>&lt;<a href=\"http:\/\/www.iredes.es\/2015\/03\/presentacion-de-la-quinta-version-del-mapa-iredes\/\" target=\"_blank\" rel=\"noopener\">http:\/\/www.iredes.es\/2015\/03\/presentacion-de-la-quinta-version-del-mapa-iredes\/<\/a>&gt;.<\/p>\n<p>&lt;<a href=\"http:\/\/www.gencat.es:8000\/xarxessocials\/pdf\/v1_guia_usos_xarxa_es.pdf\" target=\"_blank\" rel=\"noopener\">http:\/\/www.gencat.es:8000\/xarxessocials\/pdf\/v1_guia_usos_xarxa_es.pdf<\/a>&gt;.<\/p>\n<p>&lt;<a href=\"https:\/\/www.facebook.com\/policies\" target=\"_blank\" rel=\"noopener\">https:\/\/www.facebook.com\/policies<\/a>&gt;.<\/p>\n<p>&lt;<a href=\"http:\/\/www.weblogssl.com\/condiciones\/\" target=\"_blank\" rel=\"noopener\">http:\/\/www.weblogssl.com\/condiciones\/<\/a>&gt;.<\/p>\n<p>&lt;<a href=\"https:\/\/twitter.com\/tos?lang=es\" target=\"_blank\" rel=\"noopener\">https:\/\/twitter.com\/tos?lang=es<\/a>&gt;.<\/p>\n<p>&lt;<a href=\"https:\/\/meta.wikimedia.org\/wiki\/Privacy_policy\/es\" target=\"_blank\" rel=\"noopener\">https:\/\/meta.wikimedia.org\/wiki\/Privacy_policy\/es<\/a>&gt;.<\/p>\n<p>&lt;<a href=\"http:\/\/www.ivoox.com\/informacion-legal_il.html\" target=\"_blank\" rel=\"noopener\">http:\/\/www.ivoox.com\/informacion-legal_il.html<\/a>&gt;.<\/p>\n<p>&lt;<a href=\"https:\/\/www.youtube.com\/t\/terms\" target=\"_blank\" rel=\"noopener\">https:\/\/www.youtube.com\/t\/terms<\/a>&gt;<\/p>\n","protected":false},"excerpt":{"rendered":"<p>Adsuar, Y. (2013). \u00abLa elecci\u00f3n de ser olvidado en la red: derecho o privilegio\u00bb. Actualidad Jur\u00eddica Aranzadi (n\u00fam. 864). Cizur Menor: Thomson Reuters Aranzadi. \u00c1lvarez Hernando, J. (2014). Internet, redes sociales y protecci\u00f3n de datos. Grandes Tratados. Practicum Protecci\u00f3n de Datos 2015. Cizur Menor: Thomson Reuters Aranzadi. Caldevilla Dom\u00ednguez, D. (2010). \u00abLas redes sociales. Tipolog\u00eda, [&hellip;]<\/p>\n","protected":false},"author":1,"featured_media":0,"parent":0,"menu_order":0,"comment_status":"closed","ping_status":"closed","template":"","meta":[],"acf":[],"_links":{"self":[{"href":"http:\/\/social-media-strategy.aula.uoc.edu\/legal\/wp-json\/wp\/v2\/pages\/234"}],"collection":[{"href":"http:\/\/social-media-strategy.aula.uoc.edu\/legal\/wp-json\/wp\/v2\/pages"}],"about":[{"href":"http:\/\/social-media-strategy.aula.uoc.edu\/legal\/wp-json\/wp\/v2\/types\/page"}],"author":[{"embeddable":true,"href":"http:\/\/social-media-strategy.aula.uoc.edu\/legal\/wp-json\/wp\/v2\/users\/1"}],"replies":[{"embeddable":true,"href":"http:\/\/social-media-strategy.aula.uoc.edu\/legal\/wp-json\/wp\/v2\/comments?post=234"}],"version-history":[{"count":6,"href":"http:\/\/social-media-strategy.aula.uoc.edu\/legal\/wp-json\/wp\/v2\/pages\/234\/revisions"}],"predecessor-version":[{"id":410,"href":"http:\/\/social-media-strategy.aula.uoc.edu\/legal\/wp-json\/wp\/v2\/pages\/234\/revisions\/410"}],"wp:attachment":[{"href":"http:\/\/social-media-strategy.aula.uoc.edu\/legal\/wp-json\/wp\/v2\/media?parent=234"}],"curies":[{"name":"wp","href":"https:\/\/api.w.org\/{rel}","templated":true}]}}