{"id":183,"date":"2017-11-27T13:33:41","date_gmt":"2017-11-27T13:33:41","guid":{"rendered":"http:\/\/social-media-strategy.aula.uoc.edu\/legal\/3-4-2-algunos-riesgos-para-la-propiedad-intelectual-en-los-medios-sociales\/"},"modified":"2022-11-19T16:29:27","modified_gmt":"2022-11-19T16:29:27","slug":"3-4-2-alguns-riscos-per-a-la-propietat-intel%e2%80%a2lectual-en-els-mitjans-socials","status":"publish","type":"page","link":"http:\/\/social-media-strategy.aula.uoc.edu\/legal\/3-4-2-alguns-riscos-per-a-la-propietat-intel%e2%80%a2lectual-en-els-mitjans-socials\/","title":{"rendered":"3.4.2. Alguns riscos per a la propietat intel\u00b7lectual en els mitjans socials"},"content":{"rendered":"<p>1) Qui publica no t\u00e9 per qu\u00e8 ser titular del contingut<\/p>\n<p>Per norma general, l\u2019autora del contingut \u00e9s l\u2019\u00fanica autoritzada per a publicar-lo. Si es publiquen continguts d\u2019altres, \u00e9s obligatori que n\u2019obtinguem el consentiment, si pot ser per escrit.<\/p>\n<p>2) \u00c9s dif\u00edcil obtenir una compensaci\u00f3 pel treball realitzat<\/p>\n<p>Les xarxes socials i les plataformes col\u00b7laboratives tenen una gran difusi\u00f3, i per a les autores aquesta forma de distribuir continguts pot ser molt avantatjosa. No obstant aix\u00f2, el principal problema que es pot plantejar \u00e9s que no hi ha gaire formes efectives de controlar i d\u2019obtenir una compensaci\u00f3 directa pel treball realitzat.<\/p>\n<p>3) La perman\u00e8ncia dels continguts m\u00e9s enll\u00e0 de la baixa del servei<\/p>\n<p>La xarxa social mantindr\u00e0 les teves dades encara que esborris el perfil.<\/p>\n<div class=\"featured featured-grey\"><\/p>\n<p>Serveixi com a exemple el cas de Facebook. Pots sortir de la plataforma, per\u00f2 l&#8217;\u00fanica manera que desapareguin totes les teves dades \u00e9s esborrar d&#8217;un en un cadascun dels v\u00eddeos, fotos o comentaris que has compartit en el teu perfil. La pol\u00edtica de privacitat adverteix d&#8217;aix\u00f2: \u00abFins i tot despr\u00e9s d&#8217;haver eliminat la informaci\u00f3 del teu perfil o despr\u00e9s d&#8217;haver esborrat el teu compte, \u00e9s possible que alguna c\u00f2pia d&#8217;aquesta informaci\u00f3 romangui visible en algun altre lloc\u00bb. Aix\u00f2 s\u00ed, el teu nom d&#8217;usu\u00e0ria deixar\u00e0 d&#8217;estar associat a aquesta informaci\u00f3, encara que podria continuar apareixent, per\u00f2 el seu autor seria un \u00abusuari de Facebook an\u00f2nim\u00bb. Aix\u00ed mateix, hi ha tipus espec\u00edfics de comunicacions que no poden eliminar-se mai, com els missatges. Facebook pot conservar tamb\u00e9 algunes dades per a evitar robatoris d&#8217;identitats o conductes inadequades, encara que s&#8217;hagin eliminat els comptes. De fet, realitza \u00abc\u00f2pies de seguretat\u00bb en qu\u00e8 emmagatzema la informaci\u00f3 dels comptes eliminats durant un m\u00e0xim de noranta dies.<\/p>\n<p>\n<div style=\"clear:both\"><\/div><\/div>\n","protected":false},"excerpt":{"rendered":"<p>1) Qui publica no t\u00e9 per qu\u00e8 ser titular del contingut Per norma general, l\u2019autora del contingut \u00e9s l\u2019\u00fanica autoritzada per a publicar-lo. Si es publiquen continguts d\u2019altres, \u00e9s obligatori que n\u2019obtinguem el consentiment, si pot ser per escrit. 2) \u00c9s dif\u00edcil obtenir una compensaci\u00f3 pel treball realitzat Les xarxes socials i les plataformes col\u00b7laboratives [&hellip;]<\/p>\n","protected":false},"author":1,"featured_media":0,"parent":0,"menu_order":0,"comment_status":"closed","ping_status":"closed","template":"","meta":[],"acf":[],"_links":{"self":[{"href":"http:\/\/social-media-strategy.aula.uoc.edu\/legal\/wp-json\/wp\/v2\/pages\/183"}],"collection":[{"href":"http:\/\/social-media-strategy.aula.uoc.edu\/legal\/wp-json\/wp\/v2\/pages"}],"about":[{"href":"http:\/\/social-media-strategy.aula.uoc.edu\/legal\/wp-json\/wp\/v2\/types\/page"}],"author":[{"embeddable":true,"href":"http:\/\/social-media-strategy.aula.uoc.edu\/legal\/wp-json\/wp\/v2\/users\/1"}],"replies":[{"embeddable":true,"href":"http:\/\/social-media-strategy.aula.uoc.edu\/legal\/wp-json\/wp\/v2\/comments?post=183"}],"version-history":[{"count":7,"href":"http:\/\/social-media-strategy.aula.uoc.edu\/legal\/wp-json\/wp\/v2\/pages\/183\/revisions"}],"predecessor-version":[{"id":451,"href":"http:\/\/social-media-strategy.aula.uoc.edu\/legal\/wp-json\/wp\/v2\/pages\/183\/revisions\/451"}],"wp:attachment":[{"href":"http:\/\/social-media-strategy.aula.uoc.edu\/legal\/wp-json\/wp\/v2\/media?parent=183"}],"curies":[{"name":"wp","href":"https:\/\/api.w.org\/{rel}","templated":true}]}}