{"id":72,"date":"2017-11-27T13:26:19","date_gmt":"2017-11-27T13:26:19","guid":{"rendered":"http:\/\/social-media-strategy.aula.uoc.edu\/legal\/?page_id=72"},"modified":"2021-01-31T17:58:05","modified_gmt":"2021-01-31T17:58:05","slug":"3-3-3-legislacion-aplicable","status":"publish","type":"page","link":"http:\/\/social-media-strategy.aula.uoc.edu\/legal\/es\/3-3-3-legislacion-aplicable\/","title":{"rendered":"3.3.3. Legislaci\u00f3n aplicable"},"content":{"rendered":"<p>En los \u00faltimos a\u00f1os, la normativa sobre protecci\u00f3n de datos ha sufrido muchos cambios. A d\u00eda de hoy, cualquier usuario de medios sociales debe saber que su actuaci\u00f3n debe respetar b\u00e1sicamente lo siguiente:<\/p>\n<p>1) El Reglamento Europeo de Protecci\u00f3n de Datos<\/p>\n<p>Este reglamento \u00abestablece las normas relativas a la protecci\u00f3n de las personas f\u00edsicas en lo que respecta al tratamiento de los datos personales y las normas relativas a la circulaci\u00f3n de tales datos\u00bb. Asimismo, \u00abprotege los derechos y libertades fundamentales de las personas f\u00edsicas y, en particular, su derecho a la protecci\u00f3n de datos personales\u00bb (art. 1).<\/p>\n<p>2) La Ley Org\u00e1nica 3\/2018, de 5 de diciembre, de Protecci\u00f3n de Datos Personales y Garant\u00eda de los Derechos Digitales<\/p>\n<p>Una de las principales novedades que incorpora la nueva norma trae su causa en la importancia que han adquirido las redes sociales en la actualidad. As\u00ed, el art. 94 establece el \u00abderecho al olvido en servicios de redes sociales y servicios equivalentes\u00bb, es decir, el derecho que tiene toda persona a que se supriman, mediante una simple solicitud,\u00a0 los datos personales que hubiese facilitado o hubiesen sido facilitados por terceros, para su publicaci\u00f3n por servicios de redes sociales y servicios de la sociedad de la informaci\u00f3n equivalentes, <strong>exceptu\u00e1ndose aquellos datos que hubiesen sido facilitados por personas f\u00edsicas en el ejercicio de actividades personales o dom\u00e9sticas.<\/strong><\/p>\n<p>3) Otras normas<\/p>\n<p>Existen otras leyes, en sectores como la sanidad, las telecomunicaciones o las finanzas, que se proyectan de modo muy particular sobre el \u00e1mbito de los medios sociales, como por ejemplo: la Ley 34\/2002, de 11 de julio, de Servicios de la Sociedad de la Informaci\u00f3n y del Comercio Electr\u00f3nico; la Ley 25\/2007, de 18 de octubre, de Conservaci\u00f3n de Datos Relativos a las Comunicaciones Electr\u00f3nicas y a las Redes P\u00fablicas de Comunicaciones y la Ley 56\/2007, de 28 de diciembre, de Medidas de Impulso de la Sociedad de la Informaci\u00f3n.<\/p>\n","protected":false},"excerpt":{"rendered":"<p>En los \u00faltimos a\u00f1os, la normativa sobre protecci\u00f3n de datos ha sufrido muchos cambios. A d\u00eda de hoy, cualquier usuario de medios sociales debe saber que su actuaci\u00f3n debe respetar b\u00e1sicamente lo siguiente: 1) El Reglamento Europeo de Protecci\u00f3n de Datos Este reglamento \u00abestablece las normas relativas a la protecci\u00f3n de las personas f\u00edsicas en [&hellip;]<\/p>\n","protected":false},"author":1,"featured_media":0,"parent":0,"menu_order":0,"comment_status":"closed","ping_status":"closed","template":"","meta":[],"acf":[],"_links":{"self":[{"href":"http:\/\/social-media-strategy.aula.uoc.edu\/legal\/es\/wp-json\/wp\/v2\/pages\/72"}],"collection":[{"href":"http:\/\/social-media-strategy.aula.uoc.edu\/legal\/es\/wp-json\/wp\/v2\/pages"}],"about":[{"href":"http:\/\/social-media-strategy.aula.uoc.edu\/legal\/es\/wp-json\/wp\/v2\/types\/page"}],"author":[{"embeddable":true,"href":"http:\/\/social-media-strategy.aula.uoc.edu\/legal\/es\/wp-json\/wp\/v2\/users\/1"}],"replies":[{"embeddable":true,"href":"http:\/\/social-media-strategy.aula.uoc.edu\/legal\/es\/wp-json\/wp\/v2\/comments?post=72"}],"version-history":[{"count":7,"href":"http:\/\/social-media-strategy.aula.uoc.edu\/legal\/es\/wp-json\/wp\/v2\/pages\/72\/revisions"}],"predecessor-version":[{"id":388,"href":"http:\/\/social-media-strategy.aula.uoc.edu\/legal\/es\/wp-json\/wp\/v2\/pages\/72\/revisions\/388"}],"wp:attachment":[{"href":"http:\/\/social-media-strategy.aula.uoc.edu\/legal\/es\/wp-json\/wp\/v2\/media?parent=72"}],"curies":[{"name":"wp","href":"https:\/\/api.w.org\/{rel}","templated":true}]}}