{"id":66,"date":"2017-11-27T13:20:50","date_gmt":"2017-11-27T13:20:50","guid":{"rendered":"http:\/\/social-media-strategy.aula.uoc.edu\/legal\/?page_id=66"},"modified":"2022-11-19T11:38:29","modified_gmt":"2022-11-19T11:38:29","slug":"3-3-1-concepto-y-contenido","status":"publish","type":"page","link":"http:\/\/social-media-strategy.aula.uoc.edu\/legal\/es\/3-3-1-concepto-y-contenido\/","title":{"rendered":"3.3.1. Concepto y contenido"},"content":{"rendered":"<p>El derecho fundamental a la protecci\u00f3n de los datos personales, constitucionalmente reconocido en el art. 18.4 CE, es aquel que tiene todo ciudadano para controlar sus datos personales y para disponer y decidir sobre los mismos.<\/p>\n<div class=\"featured featured-grey\"><\/p>\n<p><strong>Estudio de caso<\/strong><\/p>\n<p>Parece conveniente recordar que fue nuestro Tribunal Constitucional, en <em>Sentencia 292\/2000, de 30 de noviembre, <\/em>que trae su causa en el recurso de inconstitucionalidad contra ciertos incisos de los arts. 21.1 y 24.1 y 2 de la Ley Org\u00e1nica de Protecci\u00f3n de Datos de Car\u00e1cter Personal de 1999, el que por vez primera habla del Derecho fundamental de protecci\u00f3n de datos como <strong>derecho aut\u00f3nomo<\/strong> (distinto del derecho a la intimidad):<\/p>\n<blockquote>\n<p>\u00abEste derecho fundamental a la protecci\u00f3n de datos, a diferencia del derecho a la intimidad del art. 18.1 CE, con quien comparte el objetivo de ofrecer una eficaz protecci\u00f3n constitucional de la vida privada personal y familiar, atribuye a su titular un haz de facultades que consiste en su mayor parte en el poder jur\u00eddico de imponer a terceros la realizaci\u00f3n u omisi\u00f3n de determinados comportamientos cuya concreta regulaci\u00f3n debe establecer la Ley, aquella que conforme al art. 18.4 CE debe limitar el uso de la inform\u00e1tica, bien desarrollando el derecho fundamental a la protecci\u00f3n de datos (art. 81.1 CE), bien regulando su ejercicio (art. 53.1 CE). La peculiaridad de este derecho fundamental a la protecci\u00f3n de datos respecto de aquel derecho fundamental tan af\u00edn como es el de la intimidad radica, pues, en su distinta funci\u00f3n, lo que apareja, por consiguiente, que tambi\u00e9n su objeto y contenido difieran\u00bb.<\/p>\n<\/blockquote>\n<p>Accede al texto \u00edntegro de la sentencia:<\/p>\n<p><u><a href=\"http:\/\/hj.tribunalconstitucional.es\/es-ES\/Resolucion\/Show\/4276\" target=\"_blank\" rel=\"noopener\">http:\/\/hj.tribunalconstitucional.es\/es-ES\/Resolucion\/Show\/4276<\/a>.<\/u><\/p>\n<p>\n<div style=\"clear:both\"><\/div><\/div>\n<p>&nbsp;<\/p>\n","protected":false},"excerpt":{"rendered":"<p>El derecho fundamental a la protecci\u00f3n de los datos personales, constitucionalmente reconocido en el art. 18.4 CE, es aquel que tiene todo ciudadano para controlar sus datos personales y para disponer y decidir sobre los mismos. &nbsp;<\/p>\n","protected":false},"author":1,"featured_media":0,"parent":0,"menu_order":0,"comment_status":"closed","ping_status":"closed","template":"","meta":[],"acf":[],"_links":{"self":[{"href":"http:\/\/social-media-strategy.aula.uoc.edu\/legal\/es\/wp-json\/wp\/v2\/pages\/66"}],"collection":[{"href":"http:\/\/social-media-strategy.aula.uoc.edu\/legal\/es\/wp-json\/wp\/v2\/pages"}],"about":[{"href":"http:\/\/social-media-strategy.aula.uoc.edu\/legal\/es\/wp-json\/wp\/v2\/types\/page"}],"author":[{"embeddable":true,"href":"http:\/\/social-media-strategy.aula.uoc.edu\/legal\/es\/wp-json\/wp\/v2\/users\/1"}],"replies":[{"embeddable":true,"href":"http:\/\/social-media-strategy.aula.uoc.edu\/legal\/es\/wp-json\/wp\/v2\/comments?post=66"}],"version-history":[{"count":7,"href":"http:\/\/social-media-strategy.aula.uoc.edu\/legal\/es\/wp-json\/wp\/v2\/pages\/66\/revisions"}],"predecessor-version":[{"id":439,"href":"http:\/\/social-media-strategy.aula.uoc.edu\/legal\/es\/wp-json\/wp\/v2\/pages\/66\/revisions\/439"}],"wp:attachment":[{"href":"http:\/\/social-media-strategy.aula.uoc.edu\/legal\/es\/wp-json\/wp\/v2\/media?parent=66"}],"curies":[{"name":"wp","href":"https:\/\/api.w.org\/{rel}","templated":true}]}}